{"id":1474,"date":"2019-03-23T21:55:33","date_gmt":"2019-03-23T20:55:33","guid":{"rendered":"https:\/\/laparrandadeteror.com\/web\/?page_id=1474"},"modified":"2019-03-24T15:53:15","modified_gmt":"2019-03-24T14:53:15","slug":"radio-y-tv","status":"publish","type":"page","link":"https:\/\/laparrandadeteror.com\/web\/radio-y-tv\/","title":{"rendered":"Radio y TV"},"content":{"rendered":"<p>[vc_row full_width=\u00bbstretch_row\u00bb css=\u00bb.vc_custom_1553083279463{background-color: #0d1c00 !important;background-position: center !important;background-repeat: no-repeat !important;background-size: cover !important;}\u00bb][vc_column][vc_column_text]<\/p>\n<p style=\"text-align: center;\"><span style=\"color: #e1a125; font-family: stencil, stencilb, impact, arial;\"><span style=\"caret-color: #e1a125; font-size: 56px;\">R<span style=\"font-size: 36pt;\">ADIO<\/span> <span style=\"font-size: 36pt;\">Y<\/span> TV<\/span><\/span><\/p>\n<p>[\/vc_column_text][vc_empty_space height=\u00bb22px\u00bb][\/vc_column][\/vc_row][vc_row][vc_column width=\u00bb1\/2&#8243;]<div class=\"slz_shortcode sc_icon_box icon_box-83663914369f550af369ce  \"><div class=\"slz-list-block slz-list-column slz-column-1\"><div data-wow-delay=\"\" class=\"item  wow\"><div class=\"slz-icon-box-1 icon-box-item-1  \"><div class=\"icon-cell\"><div class=\"wrapper-icon\"><i class=\"slz-icon fa fa-television\"><\/i><\/div><\/div>\r\r\n\t\t\t\t\t\t<div class=\"content-cell\">\r\r\n\t\t\t\t\t\t\t<div class=\"wrapper-info\">\r\r\n\t\t\t\t\t<div class=\"title icon_box_title-1\">Televisi\u00f3n Canaria (22\/03\/2019)<\/div><div class=\"description icon_box_description-1\">Entrevista realizada por el popular presentador Kiko Barroso sobre el 30 aniversario de La Parranda a los compa\u00f1eros Roque, Tito y Benjam\u00edn en el programa Canarias Hoy <\/div>\r\r\n\t\t\t\t\t\t\t<\/div>\r\r\n\t\t\t\t\t\t<\/div>\r\r\n\t\t\t\t\t<\/div><\/div><\/div><\/div>\r\r\n<div class=\"text-c\"><a href=\"http:\/\/www.rtvc.es\/television\/multimedia\/Canarias%20Hoy-10834\/22-03-19-1041.aspx#.XJXwJij7SUk\" target=\"&quot;_blank&quot;\" class=\"button_box-40640750069f550af38413 slz-btn \"><span class=\"btn-text\">ABRIR<\/span><\/a><\/div>[vc_empty_space][\/vc_column][vc_column width=\u00bb1\/2&#8243;]<div class=\"slz_shortcode sc_icon_box icon_box-166080077069f550af38f57  \"><div class=\"slz-list-block slz-list-column slz-column-1\"><div data-wow-delay=\"\" class=\"item  wow\"><div class=\"slz-icon-box-1 icon-box-item-1  \"><div class=\"icon-cell\"><div class=\"wrapper-icon\"><i class=\"slz-icon fa fa-television\"><\/i><\/div><\/div>\r\r\n\t\t\t\t\t\t<div class=\"content-cell\">\r\r\n\t\t\t\t\t\t\t<div class=\"wrapper-info\">\r\r\n\t\t\t\t\t<div class=\"title icon_box_title-1\">TENDERETE (TVE EN CANARIAS) (17\/06\/2018)<\/div><div class=\"description icon_box_description-1\">Actuaci\u00f3n en el programa Tenderete con motivo de la celebraci\u00f3n del centenario de la iglesia en honor al Sagrado Coraz\u00f3n de Jes\u00fas, en Los Arbejales, Teror<\/div>\r\r\n\t\t\t\t\t\t\t<\/div>\r\r\n\t\t\t\t\t\t<\/div>\r\r\n\t\t\t\t\t<\/div><\/div><\/div><\/div>\r\r\n<div class=\"text-c\"><a href=\"http:\/\/www.rtve.es\/alacarta\/videos\/tenderete\/tenderete-17-06-2018-desde-arbejales-teror-parranda-teror-son-del-caney\/4634247\/#\" target=\"&quot;_blank&quot;\" class=\"button_box-203063412269f550af3907b slz-btn \"><span class=\"btn-text\">ABRIR<\/span><\/a><\/div>[vc_empty_space][\/vc_column][\/vc_row][vc_row][vc_column width=\u00bb1\/2&#8243;]<div class=\"slz_shortcode sc_icon_box icon_box-178102892269f550af39192  \"><div class=\"slz-list-block slz-list-column slz-column-1\"><div data-wow-delay=\"\" class=\"item  wow\"><div class=\"slz-icon-box-1 icon-box-item-1  \"><div class=\"icon-cell\"><div class=\"wrapper-icon\"><i class=\"slz-icon fa fa-television\"><\/i><\/div><\/div>\r\r\n\t\t\t\t\t\t<div class=\"content-cell\">\r\r\n\t\t\t\t\t\t\t<div class=\"wrapper-info\">\r\r\n\t\t\t\t\t<div class=\"title icon_box_title-1\">NOCHE DE TAIFAS (TELEVISI\u00d3N CANARIA) (21\/04\/2018)<\/div><div class=\"description icon_box_description-1\">Actuaci\u00f3n de la Parranda de Teror en el programa noche de Taifas desde San Isidro (G\u00e1ldar)<\/div>\r\r\n\t\t\t\t\t\t\t<\/div>\r\r\n\t\t\t\t\t\t<\/div>\r\r\n\t\t\t\t\t<\/div><\/div><\/div><\/div>\r\r\n<div class=\"text-c\"><a href=\"http:\/\/www.rtvc.es\/television\/multimedia\/noche-de-taifas-12233\/21-04-2018-28.aspx#.XJOhh6AReUk\" target=\"&quot;_blank&quot;\" class=\"button_box-183138017469f550af392be slz-btn \"><span class=\"btn-text\">ABRIR<\/span><\/a><\/div>[vc_empty_space][\/vc_column][vc_column width=\u00bb1\/2&#8243;]<div class=\"slz_shortcode sc_icon_box icon_box-132105532069f550af393ed  \"><div class=\"slz-list-block slz-list-column slz-column-1\"><div data-wow-delay=\"\" class=\"item  wow\"><div class=\"slz-icon-box-1 icon-box-item-1  \"><div class=\"icon-cell\"><div class=\"wrapper-icon\"><i class=\"slz-icon fa fa-volume-up\"><\/i><\/div><\/div>\r\r\n\t\t\t\t\t\t<div class=\"content-cell\">\r\r\n\t\t\t\t\t\t\t<div class=\"wrapper-info\">\r\r\n\t\t\t\t\t<div class=\"title icon_box_title-1\">Radio ECCA (20\/03\/2017)<\/div><div class=\"description icon_box_description-1\">Participaci\u00f3n de la Parranda de Teror en el programa Ventorrillo de Radio ECCA dedicado al folklore y a la m\u00fasica hecha en Canarias.<\/div>\r\r\n\t\t\t\t\t\t\t<\/div>\r\r\n\t\t\t\t\t\t<\/div>\r\r\n\t\t\t\t\t<\/div><\/div><\/div><\/div>\r\r\n<div class=\"text-c\"><a href=\"https:\/\/www.ivoox.com\/17635872\" target=\"&quot;_blank&quot;\" class=\"button_box-199600638369f550af394f0 slz-btn \"><span class=\"btn-text\">ABRIR<\/span><\/a><\/div>[vc_empty_space][\/vc_column][\/vc_row][vc_row][vc_column width=\u00bb1\/2&#8243;]<div class=\"slz_shortcode sc_icon_box icon_box-141593369869f550af39605  \"><div class=\"slz-list-block slz-list-column slz-column-1\"><div data-wow-delay=\"\" class=\"item  wow\"><div class=\"slz-icon-box-1 icon-box-item-1  \"><div class=\"icon-cell\"><div class=\"wrapper-icon\"><i class=\"slz-icon fa fa-television\"><\/i><\/div><\/div>\r\r\n\t\t\t\t\t\t<div class=\"content-cell\">\r\r\n\t\t\t\t\t\t\t<div class=\"wrapper-info\">\r\r\n\t\t\t\t\t<div class=\"title icon_box_title-1\">NOCHE DE TAIFAS (TELEVISI\u00d3N CANARIA) (15\/10\/2016)<\/div><div class=\"description icon_box_description-1\">La Parranda de Teror en el programa Noche de Taifas de la Televisi\u00f3n Canaria desde Casablanca (Firgas)<\/div>\r\r\n\t\t\t\t\t\t\t<\/div>\r\r\n\t\t\t\t\t\t<\/div>\r\r\n\t\t\t\t\t<\/div><\/div><\/div><\/div>\r\r\n<div class=\"text-c\"><a href=\"http:\/\/www.rtvc.es\/television\/multimedia\/noche-de-taifas-12233\/15-10-2016-4.aspx#.XJOiKKAReUk\" target=\"&quot;_blank&quot;\" class=\"button_box-197419741169f550af396fc slz-btn \"><span class=\"btn-text\">ABRIR<\/span><\/a><\/div>[vc_empty_space][\/vc_column][vc_column width=\u00bb1\/2&#8243;]<div class=\"slz_shortcode sc_icon_box icon_box-171155619569f550af39800  \"><div class=\"slz-list-block slz-list-column slz-column-1\"><div data-wow-delay=\"\" class=\"item  wow\"><div class=\"slz-icon-box-1 icon-box-item-1  \"><div class=\"icon-cell\"><div class=\"wrapper-icon\"><i class=\"slz-icon fa fa-television\"><\/i><\/div><\/div>\r\r\n\t\t\t\t\t\t<div class=\"content-cell\">\r\r\n\t\t\t\t\t\t\t<div class=\"wrapper-info\">\r\r\n\t\t\t\t\t<div class=\"title icon_box_title-1\">TENDERETE (TVE EN CANARIAS) (28\/02\/2016)<\/div><div class=\"description icon_box_description-1\">Actuaci\u00f3n de La Parranda de Teror en el programa Tenderete de Televisi\u00f3n Espa\u00f1ola en Canarias, homenajeando a la Parranda Cuasqu\u00edas<\/div>\r\r\n\t\t\t\t\t\t\t<\/div>\r\r\n\t\t\t\t\t\t<\/div>\r\r\n\t\t\t\t\t<\/div><\/div><\/div><\/div>\r\r\n<div class=\"text-c\"><a href=\"http:\/\/www.rtve.es\/alacarta\/videos\/tenderete\/tenderete-28-02-2016-parranda-teror-homenajea-parranda-cuasquias\/3502818\/#\" target=\"&quot;_blank&quot;\" class=\"button_box-73286619169f550af39904 slz-btn \"><span class=\"btn-text\">ABRIR<\/span><\/a><\/div>[vc_empty_space][\/vc_column][\/vc_row][vc_row][vc_column width=\u00bb1\/2&#8243;]<div class=\"slz_shortcode sc_icon_box icon_box-141282279069f550af39a18  \"><div class=\"slz-list-block slz-list-column slz-column-1\"><div data-wow-delay=\"\" class=\"item  wow\"><div class=\"slz-icon-box-1 icon-box-item-1  \"><div class=\"icon-cell\"><div class=\"wrapper-icon\"><i class=\"slz-icon fa fa-volume-up\"><\/i><\/div><\/div>\r\r\n\t\t\t\t\t\t<div class=\"content-cell\">\r\r\n\t\t\t\t\t\t\t<div class=\"wrapper-info\">\r\r\n\t\t\t\t\t<div class=\"title icon_box_title-1\">Radio Valleseco (19\/11\/2015)<\/div><div class=\"description icon_box_description-1\">La Parranda de Teror \u2018Una noche con Cuasqu\u00edas\u2019 en el Teatro Guiniguada<\/div>\r\r\n\t\t\t\t\t\t\t<\/div>\r\r\n\t\t\t\t\t\t<\/div>\r\r\n\t\t\t\t\t<\/div><\/div><\/div><\/div>\r\r\n<div class=\"text-c\"><a href=\"https:\/\/www.ivoox.com\/9440063\" target=\"&quot;_blank&quot;\" class=\"button_box-88987375369f550af39b45 slz-btn \"><span class=\"btn-text\">ABRIR<\/span><\/a><\/div>[vc_empty_space][\/vc_column][vc_column width=\u00bb1\/2&#8243;]<div class=\"slz_shortcode sc_icon_box icon_box-47671347069f550af39c50  \"><div class=\"slz-list-block slz-list-column slz-column-1\"><div data-wow-delay=\"\" class=\"item  wow\"><div class=\"slz-icon-box-1 icon-box-item-1  \"><div class=\"icon-cell\"><div class=\"wrapper-icon\"><i class=\"slz-icon fa fa-volume-up\"><\/i><\/div><\/div>\r\r\n\t\t\t\t\t\t<div class=\"content-cell\">\r\r\n\t\t\t\t\t\t\t<div class=\"wrapper-info\">\r\r\n\t\t\t\t\t<div class=\"title icon_box_title-1\">Radio Valleseco (10\/06\/2014)<\/div><div class=\"description icon_box_description-1\">Actuaci\u00f3n de La Parranda de Teror en las Fiestas de San Vicente Ferrer <\/div>\r\r\n\t\t\t\t\t\t\t<\/div>\r\r\n\t\t\t\t\t\t<\/div>\r\r\n\t\t\t\t\t<\/div><\/div><\/div><\/div>\r\r\n<div class=\"text-c\"><a href=\"https:\/\/www.ivoox.com\/3208798\" target=\"&quot;_blank&quot;\" class=\"button_box-181367379769f550af39d45 slz-btn \"><span class=\"btn-text\">ABRIR<\/span><\/a><\/div>[vc_empty_space][\/vc_column][\/vc_row][vc_row][vc_column width=\u00bb1\/2&#8243;]<div class=\"slz_shortcode sc_icon_box icon_box-202844060369f550af39e55  \"><div class=\"slz-list-block slz-list-column slz-column-1\"><div data-wow-delay=\"\" class=\"item  wow\"><div class=\"slz-icon-box-1 icon-box-item-1  \"><div class=\"icon-cell\"><div class=\"wrapper-icon\"><i class=\"slz-icon fa fa-volume-up\"><\/i><\/div><\/div>\r\r\n\t\t\t\t\t\t<div class=\"content-cell\">\r\r\n\t\t\t\t\t\t\t<div class=\"wrapper-info\">\r\r\n\t\t\t\t\t<div class=\"title icon_box_title-1\">Radio Valleseco (27\/03\/2014)<\/div><div class=\"description icon_box_description-1\">Entrevista al compa\u00f1ero Fernando Ben\u00edtez por el XXV Aniversario de la Parranda de Teror<\/div>\r\r\n\t\t\t\t\t\t\t<\/div>\r\r\n\t\t\t\t\t\t<\/div>\r\r\n\t\t\t\t\t<\/div><\/div><\/div><\/div>\r\r\n<div class=\"text-c\"><a href=\"https:\/\/www.ivoox.com\/2964287\" target=\"&quot;_blank&quot;\" class=\"button_box-129791046069f550af39f46 slz-btn \"><span class=\"btn-text\">ABRIR<\/span><\/a><\/div>[vc_empty_space][\/vc_column][vc_column width=\u00bb1\/2&#8243;]<div class=\"slz_shortcode sc_icon_box icon_box-84126411969f550af3a04d  \"><div class=\"slz-list-block slz-list-column slz-column-1\"><div data-wow-delay=\"\" class=\"item  wow\"><div class=\"slz-icon-box-1 icon-box-item-1  \"><div class=\"icon-cell\"><div class=\"wrapper-icon\"><i class=\"slz-icon fa fa-volume-up\"><\/i><\/div><\/div>\r\r\n\t\t\t\t\t\t<div class=\"content-cell\">\r\r\n\t\t\t\t\t\t\t<div class=\"wrapper-info\">\r\r\n\t\t\t\t\t<div class=\"title icon_box_title-1\">Radio Teror (21\/05\/2012)<\/div><div class=\"description icon_box_description-1\">Entrevista al compa\u00f1ero Dani Rosario en el programa Hablamos de Colectivos de Radio Teror<\/div>\r\r\n\t\t\t\t\t\t\t<\/div>\r\r\n\t\t\t\t\t\t<\/div>\r\r\n\t\t\t\t\t<\/div><\/div><\/div><\/div>\r\r\n<div class=\"text-c\"><a href=\"https:\/\/www.ivoox.com\/1237151\" target=\"&quot;_blank&quot;\" class=\"button_box-65134007569f550af3a13f slz-btn \"><span class=\"btn-text\">ABRIR<\/span><\/a><\/div>[vc_empty_space][\/vc_column][\/vc_row][vc_row][vc_column width=\u00bb1\/2&#8243;]<div class=\"slz_shortcode sc_icon_box icon_box-30490792569f550af3a275  \"><div class=\"slz-list-block slz-list-column slz-column-1\"><div data-wow-delay=\"\" class=\"item  wow\"><div class=\"slz-icon-box-1 icon-box-item-1  \"><div class=\"icon-cell\"><div class=\"wrapper-icon\"><i class=\"slz-icon fa fa-volume-up\"><\/i><\/div><\/div>\r\r\n\t\t\t\t\t\t<div class=\"content-cell\">\r\r\n\t\t\t\t\t\t\t<div class=\"wrapper-info\">\r\r\n\t\t\t\t\t<div class=\"title icon_box_title-1\">Radio Valleseco (08\/03\/2012)<\/div><div class=\"description icon_box_description-1\">Entrevista a La Parranda de Teror en el concierto \"Teror con el S\u00e1hara\"<\/div>\r\r\n\t\t\t\t\t\t\t<\/div>\r\r\n\t\t\t\t\t\t<\/div>\r\r\n\t\t\t\t\t<\/div><\/div><\/div><\/div>\r\r\n<div class=\"text-c\"><a href=\"https:\/\/www.ivoox.com\/entr-parranda-teror-concierto-teror-el-audios-mp3_rf_1093751_1.html\" target=\"&quot;_blank&quot;\" class=\"button_box-14288507169f550af3a36b slz-btn \"><span class=\"btn-text\">ABRIR<\/span><\/a><\/div>[vc_empty_space][\/vc_column][vc_column width=\u00bb1\/2&#8243;]<div class=\"slz_shortcode sc_icon_box icon_box-6876879369f550af3a468  \"><div class=\"slz-list-block slz-list-column slz-column-1\"><div data-wow-delay=\"\" class=\"item  wow\"><div class=\"slz-icon-box-1 icon-box-item-1  \"><div class=\"icon-cell\"><div class=\"wrapper-icon\"><i class=\"slz-icon fa fa-volume-up\"><\/i><\/div><\/div>\r\r\n\t\t\t\t\t\t<div class=\"content-cell\">\r\r\n\t\t\t\t\t\t\t<div class=\"wrapper-info\">\r\r\n\t\t\t\t\t<div class=\"title icon_box_title-1\">Radio Valleseco (18\/11\/2011)<\/div><div class=\"description icon_box_description-1\">Entrevista al compa\u00f1ero Octavio Gonz\u00e1lez en la Noche de Finaos<\/div>\r\r\n\t\t\t\t\t\t\t<\/div>\r\r\n\t\t\t\t\t\t<\/div>\r\r\n\t\t\t\t\t<\/div><\/div><\/div><\/div>\r\r\n<div class=\"text-c\"><a href=\"https:\/\/www.ivoox.com\/898444\" target=\"&quot;_blank&quot;\" class=\"button_box-4413679869f550af3a564 slz-btn \"><span class=\"btn-text\">ABRIR<\/span><\/a><\/div>[vc_empty_space][\/vc_column][\/vc_row][vc_row][vc_column width=\u00bb1\/2&#8243;]<div class=\"slz_shortcode sc_icon_box icon_box-109626814569f550af3a665  \"><div class=\"slz-list-block slz-list-column slz-column-1\"><div data-wow-delay=\"\" class=\"item  wow\"><div class=\"slz-icon-box-1 icon-box-item-1  \"><div class=\"icon-cell\"><div class=\"wrapper-icon\"><i class=\"slz-icon fa fa-volume-up\"><\/i><\/div><\/div>\r\r\n\t\t\t\t\t\t<div class=\"content-cell\">\r\r\n\t\t\t\t\t\t\t<div class=\"wrapper-info\">\r\r\n\t\t\t\t\t<div class=\"title icon_box_title-1\">7.7 Radio (07\/01\/2011)<\/div><div class=\"description icon_box_description-1\">Entrevista a La Parranda De Teror por Francisco Javier Chavanel, director del programa de El Espejo Canario de 7.7 Radio<\/div>\r\r\n\t\t\t\t\t\t\t<\/div>\r\r\n\t\t\t\t\t\t<\/div>\r\r\n\t\t\t\t\t<\/div><\/div><\/div><\/div>\r\r\n<div class=\"text-c\"><a href=\"https:\/\/www.ivoox.com\/481036\" target=\"&quot;_blank&quot;\" class=\"button_box-57176574669f550af3a752 slz-btn \"><span class=\"btn-text\">ABRIR<\/span><\/a><\/div>[vc_empty_space][\/vc_column][vc_column width=\u00bb1\/2&#8243;]<div class=\"slz_shortcode sc_icon_box icon_box-2162197069f550af3a84c  \"><div class=\"slz-list-block slz-list-column slz-column-1\"><div data-wow-delay=\"\" class=\"item  wow\"><div class=\"slz-icon-box-1 icon-box-item-1  \"><div class=\"icon-cell\"><div class=\"wrapper-icon\"><i class=\"slz-icon fa fa-volume-up\"><\/i><\/div><\/div>\r\r\n\t\t\t\t\t\t<div class=\"content-cell\">\r\r\n\t\t\t\t\t\t\t<div class=\"wrapper-info\">\r\r\n\t\t\t\t\t<div class=\"title icon_box_title-1\">Radio Valleseco (15\/01\/2010)<\/div><div class=\"description icon_box_description-1\">La Parranda de Teror 20 a\u00f1os bajo el influjo de la luna<\/div>\r\r\n\t\t\t\t\t\t\t<\/div>\r\r\n\t\t\t\t\t\t<\/div>\r\r\n\t\t\t\t\t<\/div><\/div><\/div><\/div>\r\r\n<div class=\"text-c\"><a href=\"https:\/\/www.ivoox.com\/190309\" target=\"&quot;_blank&quot;\" class=\"button_box-75540107469f550af3a936 slz-btn \"><span class=\"btn-text\">ABRIR<\/span><\/a><\/div>[vc_empty_space][\/vc_column][\/vc_row]<\/p>\n","protected":false},"excerpt":{"rendered":"<p>[vc_row full_width=\u00bbstretch_row\u00bb css=\u00bb.vc_custom_1553083279463{background-color: #0d1c00 !important;background-position: center !important;background-repeat: no-repeat !important;background-size: cover !important;}\u00bb][vc_column][vc_column_text] RADIO Y TV [\/vc_column_text][vc_empty_space height=\u00bb22px\u00bb][\/vc_column][\/vc_row][vc_row][vc_column width=\u00bb1\/2&#8243;][vc_empty_space][\/vc_column][vc_column width=\u00bb1\/2&#8243;][vc_empty_space][\/vc_column][\/vc_row][vc_row][vc_column width=\u00bb1\/2&#8243;][vc_empty_space][\/vc_column][vc_column width=\u00bb1\/2&#8243;][vc_empty_space][\/vc_column][\/vc_row][vc_row][vc_column width=\u00bb1\/2&#8243;][vc_empty_space][\/vc_column][vc_column width=\u00bb1\/2&#8243;][vc_empty_space][\/vc_column][\/vc_row][vc_row][vc_column width=\u00bb1\/2&#8243;][vc_empty_space][\/vc_column][vc_column width=\u00bb1\/2&#8243;][vc_empty_space][\/vc_column][\/vc_row][vc_row][vc_column width=\u00bb1\/2&#8243;][vc_empty_space][\/vc_column][vc_column width=\u00bb1\/2&#8243;][vc_empty_space][\/vc_column][\/vc_row][vc_row][vc_column width=\u00bb1\/2&#8243;][vc_empty_space][\/vc_column][vc_column width=\u00bb1\/2&#8243;][vc_empty_space][\/vc_column][\/vc_row][vc_row][vc_column width=\u00bb1\/2&#8243;][vc_empty_space][\/vc_column][vc_column width=\u00bb1\/2&#8243;][vc_empty_space][\/vc_column][\/vc_row]<\/p>\n","protected":false},"author":1,"featured_media":0,"parent":0,"menu_order":0,"comment_status":"closed","ping_status":"closed","template":"","meta":[],"_links":{"self":[{"href":"https:\/\/laparrandadeteror.com\/web\/wp-json\/wp\/v2\/pages\/1474"}],"collection":[{"href":"https:\/\/laparrandadeteror.com\/web\/wp-json\/wp\/v2\/pages"}],"about":[{"href":"https:\/\/laparrandadeteror.com\/web\/wp-json\/wp\/v2\/types\/page"}],"author":[{"embeddable":true,"href":"https:\/\/laparrandadeteror.com\/web\/wp-json\/wp\/v2\/users\/1"}],"replies":[{"embeddable":true,"href":"https:\/\/laparrandadeteror.com\/web\/wp-json\/wp\/v2\/comments?post=1474"}],"version-history":[{"count":48,"href":"https:\/\/laparrandadeteror.com\/web\/wp-json\/wp\/v2\/pages\/1474\/revisions"}],"predecessor-version":[{"id":1544,"href":"https:\/\/laparrandadeteror.com\/web\/wp-json\/wp\/v2\/pages\/1474\/revisions\/1544"}],"wp:attachment":[{"href":"https:\/\/laparrandadeteror.com\/web\/wp-json\/wp\/v2\/media?parent=1474"}],"curies":[{"name":"wp","href":"https:\/\/api.w.org\/{rel}","templated":true}]}}